{"id":268,"date":"2018-11-19T15:12:44","date_gmt":"2018-11-19T15:12:44","guid":{"rendered":"https:\/\/demo.gloriathemes.com\/eventchamp\/demo\/?post_type=venue&#038;p=268"},"modified":"2020-12-28T18:40:00","modified_gmt":"2020-12-28T17:40:00","slug":"bavarian-alps","status":"publish","type":"venue","link":"https:\/\/arivederlestelle.org\/index.php\/venue\/bavarian-alps\/","title":{"rendered":"Librerie L&#8217;Olivier (ICAM)"},"content":{"rendered":"\n<p>Nich\u00e9 dans une petite rue des P\u00e2quis, juste \u00e0 c\u00f4t\u00e9 de la gare, ce magasin demeure depuis 40 ans un lieu de r\u00e9f\u00e9rence \u00e0 Gen\u00e8ve pour tous ceux qui s\u2019int\u00e9ressent \u00e0 la culture arabe. Librairie g\u00e9n\u00e9raliste en langue arabe, L\u2019Olivier propose \u00e9galement un vaste choix de livres en fran\u00e7ais et en anglais abordant diff\u00e9rents aspects du monde arabe. Des expositions sont r\u00e9guli\u00e8rement organis\u00e9es au sous-sol, ainsi que des animations et des rencontres avec des auteurs.<\/p>\n","protected":false},"excerpt":{"rendered":"<p>Lorem ipsum dolor sit amet, voluptua iracundia an pri, his utinam principes dignissim ad. Ne nec dolore oblique nusquam, cu luptatum volutpat delicatissimi has.<\/p>\n","protected":false},"author":1,"featured_media":2811,"comment_status":"open","ping_status":"closed","template":"","meta":{"_monsterinsights_skip_tracking":false,"_monsterinsights_sitenote_active":false,"_monsterinsights_sitenote_note":"","_monsterinsights_sitenote_category":0,"footnotes":""},"venuecat":[49],"venue_tags":[47,62,85,110,123],"location":[72],"class_list":["post-268","venue","type-venue","status-publish","has-post-thumbnail","hentry","venuecat-conference-center","venue_tags-conference","venue_tags-events","venue_tags-meeting","venue_tags-speakers","venue_tags-venue","location-geneva"],"jetpack_sharing_enabled":true,"_links":{"self":[{"href":"https:\/\/arivederlestelle.org\/index.php\/wp-json\/wp\/v2\/venue\/268","targetHints":{"allow":["GET"]}}],"collection":[{"href":"https:\/\/arivederlestelle.org\/index.php\/wp-json\/wp\/v2\/venue"}],"about":[{"href":"https:\/\/arivederlestelle.org\/index.php\/wp-json\/wp\/v2\/types\/venue"}],"author":[{"embeddable":true,"href":"https:\/\/arivederlestelle.org\/index.php\/wp-json\/wp\/v2\/users\/1"}],"replies":[{"embeddable":true,"href":"https:\/\/arivederlestelle.org\/index.php\/wp-json\/wp\/v2\/comments?post=268"}],"version-history":[{"count":1,"href":"https:\/\/arivederlestelle.org\/index.php\/wp-json\/wp\/v2\/venue\/268\/revisions"}],"predecessor-version":[{"id":2812,"href":"https:\/\/arivederlestelle.org\/index.php\/wp-json\/wp\/v2\/venue\/268\/revisions\/2812"}],"wp:featuredmedia":[{"embeddable":true,"href":"https:\/\/arivederlestelle.org\/index.php\/wp-json\/wp\/v2\/media\/2811"}],"wp:attachment":[{"href":"https:\/\/arivederlestelle.org\/index.php\/wp-json\/wp\/v2\/media?parent=268"}],"wp:term":[{"taxonomy":"venuecat","embeddable":true,"href":"https:\/\/arivederlestelle.org\/index.php\/wp-json\/wp\/v2\/venuecat?post=268"},{"taxonomy":"venue_tags","embeddable":true,"href":"https:\/\/arivederlestelle.org\/index.php\/wp-json\/wp\/v2\/venue_tags?post=268"},{"taxonomy":"location","embeddable":true,"href":"https:\/\/arivederlestelle.org\/index.php\/wp-json\/wp\/v2\/location?post=268"}],"curies":[{"name":"wp","href":"https:\/\/api.w.org\/{rel}","templated":true}]}}